{"id":2708,"type":"Standard","slug":"\/datenschutz","media":[],"meta":{"title":"Datenschutz | Tagesklinik MED 360\u00b0","subtitle":"","abstract":"","description":"Hier finden sie die Datenschutzvereinbarung von Med 360\u00b0.","keywords":"","canonical":"","robots":{"noIndex":false,"noFollow":false},"author":"","authorEmail":"","ogTitle":"Datenschutz | Tagesklinik MED 360\u00b0","ogDescription":"Hier finden sie die Datenschutzvereinbarung von Med 360\u00b0.","ogImage":null,"twitterTitle":"Datenschutz | Tagesklinik MED 360\u00b0","twitterDescription":"Hier finden sie die Datenschutzvereinbarung von Med 360\u00b0.","twitterCard":"summary","twitterImage":null,"meta":[]},"categories":"","breadcrumbs":[{"title":"Tagesklinik","link":"\/","target":"","active":1,"current":0,"spacer":0,"hasSubpages":0},{"title":"Datenschutz","link":"\/datenschutz\/","target":"","active":1,"current":1,"spacer":0,"hasSubpages":1}],"appearance":{"layout":"layout-0","backendLayout":"standard"},"content":{"colPos10":[{"id":21552,"type":"header","colPos":10,"categories":"","appearance":{"layout":"default","frameClass":"default","spaceBefore":"","spaceAfter":"","id":21552,"paddingBefore":"","paddingAfter":""},"content":{"header":"Datenschutzerkl\u00e4rung","subheader":"","headerLayout":1,"headerPosition":"","headerLink":""}}],"colPos0":[{"id":21551,"type":"text","colPos":0,"categories":"","appearance":{"layout":"default","frameClass":"default","spaceBefore":"","spaceAfter":"","id":21551,"paddingBefore":"","paddingAfter":""},"content":{"header":"Kontaktdaten und Veranwortliche","subheader":"","headerLayout":0,"headerPosition":"","headerLink":"","bodytext":"<ul> \t<li><strong>Kontaktdaten des Verantwortlichen:<\/strong><br> \tMed 360\u00b0 SE | Marie-Curie-Stra\u00dfe 12 | 51377 Leverkusen<br> \t02171 7272-551 |&nbsp;info@med360grad.de<\/li> \t<li><strong>Kontaktdaten des Datenschutzbeauftragten:<\/strong><br> \tdatenschutz@med360grad.de<\/li> \t<li>Stand: 29. September 2022<\/li> <\/ul><p><strong><a href=\"\/datenschutz\/datenschutzerklaerung\/\" title=\"Mehr zu allgemeinen Hinweisen\">&gt; Mehr erfahren<\/a><\/strong><\/p>"}},{"id":21550,"type":"header","colPos":0,"categories":"","appearance":{"layout":"default","frameClass":"default","spaceBefore":"","spaceAfter":"","id":21550,"paddingBefore":"","paddingAfter":""},"content":{"header":"Wie werden Ihre personenbezogenen Daten verarbeitet?","subheader":"","headerLayout":2,"headerPosition":"","headerLink":""}},{"id":21549,"type":"text","colPos":0,"categories":"","appearance":{"layout":"default","frameClass":"default","spaceBefore":"","spaceAfter":"","id":21549,"paddingBefore":"","paddingAfter":""},"content":{"header":"1. Allgemeines zur Datenverarbeitung bei der Med 360\u00b0","subheader":"","headerLayout":3,"headerPosition":"","headerLink":"","bodytext":"<p>Der Datenschutz hat einen hohen Stellenwert f\u00fcr unser Unternehmen. Nachfolgend informieren wir Sie \u00fcber die Datenverarbeitung durch unser Unternehmen beim Besuch der Website, bei einer Kontaktaufnahme zu uns sowie bei weiteren Interaktionen.<\/p>\n<p><strong><a href=\"\/datenschutz\/allgemeine-hinweise-zum-datenschutz\/\">&gt; Mehr erfahren<\/a><\/strong><\/p>"}},{"id":21548,"type":"text","colPos":0,"categories":"","appearance":{"layout":"default","frameClass":"default","spaceBefore":"","spaceAfter":"","id":21548,"paddingBefore":"","paddingAfter":""},"content":{"header":"2. Datenverarbeitung bei der Kontaktaufnahme mit uns","subheader":"","headerLayout":3,"headerPosition":"","headerLink":"","bodytext":"<ul> \t<li>Kontaktaufnahmen per Telefon<\/li> \t<li>Kontaktaufnahme per E-Mail<\/li> \t<li>Daten\u00fcbermittlung durch Formulare<\/li> <\/ul><p><strong><a href=\"\/datenschutz\/ihre-kontaktaufnahme-mit-der-med-360\/\" title=\"Kontaktaufnahme mit der Med 360\u00b0\">&gt; Mehr erfahren<\/a><\/strong><\/p>"}},{"id":21547,"type":"text","colPos":0,"categories":"","appearance":{"layout":"default","frameClass":"default","spaceBefore":"","spaceAfter":"","id":21547,"paddingBefore":"","paddingAfter":""},"content":{"header":"3. Aufgrund der Nutzung dieser Website gesammelte Informationen","subheader":"","headerLayout":3,"headerPosition":"","headerLink":"","bodytext":"<p>Eine Nutzung unserer Internetseiten ist grunds\u00e4tzlich ohne eine Angabe personenbezogener Daten m\u00f6glich. F\u00fcr einzelne Services kann eine Verarbeitung personenbezogener Daten erforderlich sein. In diesem Abschnitt erfahren Sie<\/p><ul> \t<li>was Cookies sind,<\/li> \t<li>wie das Tracking auf unseren Seiten geschieht,<\/li> \t<li>warum wir Tracking einsetzen<\/li> \t<li>welche Dienste wir nutzen<\/li> <\/ul><p><strong><a href=\"\/datenschutz\/datenverarbeitung\/\" title=\"Datenschutz: Tracking bei Websiteaufruf\">&gt; Mehr erfahren<\/a><\/strong><\/p><ul> <\/ul>"}},{"id":21545,"type":"text","colPos":0,"categories":"","appearance":{"layout":"default","frameClass":"default","spaceBefore":"","spaceAfter":"","id":21545,"paddingBefore":"","paddingAfter":""},"content":{"header":"4. Sonstige Verarbeitungst\u00e4tigkeiten","subheader":"","headerLayout":3,"headerPosition":"","headerLink":"","bodytext":"<p>In diesem Abschnitt erhalten Sie Datenschutzinformationen zu weiteren Verarbeitungst\u00e4tigkeiten unseres Unternehmens<\/p><ul> \t<li>Videobeobachtung in unseren Praxen<\/li> \t<li>Bewerbungen und Bewerbungsverfahren<\/li> \t<li>Veranstaltungen<\/li> <\/ul><p><strong><a href=\"\/datenschutz\/sonstige-verarbeitungstaetigkeiten\/\" title=\"Datenschutz: Sonstige Verarbeitungst\u00e4tigkeiten\">&gt; Mehr erfahren<\/a><\/strong><\/p><ul> <\/ul>"}},{"id":21544,"type":"text","colPos":0,"categories":"","appearance":{"layout":"default","frameClass":"default","spaceBefore":"","spaceAfter":"","id":21544,"paddingBefore":"","paddingAfter":""},"content":{"header":"Welche Rechte k\u00f6nnen Sie geltend machen?","subheader":"","headerLayout":0,"headerPosition":"","headerLink":"","bodytext":"<p>Hier k\u00f6nnen Sie sich ausf\u00fchrlich \u00fcber Ihre Rechte informieren:<\/p><ul> \t<li>Ihr Widerspruchsrecht<\/li> \t<li>Ihr Recht auf Auskunft<\/li> \t<li>Ihr Recht auf L\u00f6schung<\/li> \t<li>weitere Rechte<\/li> <\/ul><p><strong><a href=\"\/datenschutz\/ihre-rechte\/\" title=\"Diese Rechte k\u00f6nnen Sie geltend machen\">&gt; Mehr erfahren<\/a><\/strong><\/p>"}}]},"i18n":[{"languageId":0,"locale":"de_DE.UTF-8","title":"Deutsch","navigationTitle":"Deutsch","twoLetterIsoCode":"de","hreflang":"de-de","direction":"ltr","flag":"flags-de","link":"\/datenschutz\/","active":1,"current":0,"available":1}],"heroimage":[{"publicUrl":"https:\/\/web-tagesklinik.med360grad.de\/fileadmin\/media\/Fachklinik\/Relaunch\/fachklinik360-impressum.jpg","properties":{"title":"Datenschutz","alternative":"Datenschutz","description":null,"link":null,"linkData":null,"mimeType":"image\/jpeg","type":"image","filename":"fachklinik360-impressum.jpg","originalUrl":"\/fileadmin\/media\/Fachklinik\/Relaunch\/fachklinik360-impressum.jpg","uidLocal":1111,"fileReferenceUid":10286,"size":"1 MB","dimensions":{"width":3041,"height":1217},"cropDimensions":{"width":3041,"height":1217},"crop":{"default":{"cropArea":{"x":0,"y":0,"width":1,"height":1},"selectedRatio":"NaN","focusArea":null},"xs":{"cropArea":{"x":0.0012543571193685385,"y":0.0375,"width":0.9964912857612629,"height":0.6225},"selectedRatio":"4:1","focusArea":null},"sm":{"cropArea":{"x":0.0012543571193685385,"y":0.0375,"width":0.9964912857612629,"height":0.6225},"selectedRatio":"4:1","focusArea":null},"md":{"cropArea":{"x":0.0012543571193685385,"y":0.04,"width":0.9964912857612629,"height":0.6225},"selectedRatio":"4:1","focusArea":null},"lg":{"cropArea":{"x":0.0005873616135043601,"y":0.1475,"width":0.9978252767729913,"height":0.46749999999999997},"selectedRatio":"16:3","focusArea":null},"xl":{"cropArea":{"x":0.0005873616135043601,"y":0.1325,"width":0.9978252767729913,"height":0.46749999999999997},"selectedRatio":"16:3","focusArea":null},"full":{"cropArea":{"x":0.0005873616135043601,"y":0.1275,"width":0.9978252767729913,"height":0.46749999999999997},"selectedRatio":"16:3","focusArea":null}},"autoplay":null,"extension":"jpg"},"cropVariants":{"default":{"publicUrl":"https:\/\/web-tagesklinik.med360grad.de\/fileadmin\/media\/Fachklinik\/Relaunch\/fachklinik360-impressum.jpg","properties":{"title":"Datenschutz","alternative":"Datenschutz","description":null,"link":null,"linkData":null,"mimeType":"image\/jpeg","type":"image","filename":"fachklinik360-impressum.jpg","originalUrl":"\/fileadmin\/media\/Fachklinik\/Relaunch\/fachklinik360-impressum.jpg","uidLocal":1111,"fileReferenceUid":10286,"size":"1 MB","dimensions":{"width":3041,"height":1217},"cropDimensions":{"width":3041,"height":1217},"crop":{"default":{"cropArea":{"x":0,"y":0,"width":1,"height":1},"selectedRatio":"NaN","focusArea":null},"xs":{"cropArea":{"x":0.0012543571193685385,"y":0.0375,"width":0.9964912857612629,"height":0.6225},"selectedRatio":"4:1","focusArea":null},"sm":{"cropArea":{"x":0.0012543571193685385,"y":0.0375,"width":0.9964912857612629,"height":0.6225},"selectedRatio":"4:1","focusArea":null},"md":{"cropArea":{"x":0.0012543571193685385,"y":0.04,"width":0.9964912857612629,"height":0.6225},"selectedRatio":"4:1","focusArea":null},"lg":{"cropArea":{"x":0.0005873616135043601,"y":0.1475,"width":0.9978252767729913,"height":0.46749999999999997},"selectedRatio":"16:3","focusArea":null},"xl":{"cropArea":{"x":0.0005873616135043601,"y":0.1325,"width":0.9978252767729913,"height":0.46749999999999997},"selectedRatio":"16:3","focusArea":null},"full":{"cropArea":{"x":0.0005873616135043601,"y":0.1275,"width":0.9978252767729913,"height":0.46749999999999997},"selectedRatio":"16:3","focusArea":null}},"autoplay":null,"extension":"jpg"}},"xs":{"publicUrl":"https:\/\/web-tagesklinik.med360grad.de\/fileadmin\/_processed_\/9\/d\/csm_fachklinik360-impressum_f46f7ccf70.jpg","properties":{"title":"Datenschutz","alternative":"Datenschutz","description":null,"link":null,"linkData":null,"mimeType":"image\/jpeg","type":"image","filename":"csm_fachklinik360-impressum_f46f7ccf70.jpg","originalUrl":"\/fileadmin\/media\/Fachklinik\/Relaunch\/fachklinik360-impressum.jpg","uidLocal":1111,"fileReferenceUid":10286,"size":"185 KB","dimensions":{"width":3030,"height":757},"cropDimensions":{"width":3030,"height":757},"crop":{"default":{"cropArea":{"x":0,"y":0,"width":1,"height":1},"selectedRatio":"NaN","focusArea":null},"xs":{"cropArea":{"x":0.0012543571193685385,"y":0.0375,"width":0.9964912857612629,"height":0.6225},"selectedRatio":"4:1","focusArea":null},"sm":{"cropArea":{"x":0.0012543571193685385,"y":0.0375,"width":0.9964912857612629,"height":0.6225},"selectedRatio":"4:1","focusArea":null},"md":{"cropArea":{"x":0.0012543571193685385,"y":0.04,"width":0.9964912857612629,"height":0.6225},"selectedRatio":"4:1","focusArea":null},"lg":{"cropArea":{"x":0.0005873616135043601,"y":0.1475,"width":0.9978252767729913,"height":0.46749999999999997},"selectedRatio":"16:3","focusArea":null},"xl":{"cropArea":{"x":0.0005873616135043601,"y":0.1325,"width":0.9978252767729913,"height":0.46749999999999997},"selectedRatio":"16:3","focusArea":null},"full":{"cropArea":{"x":0.0005873616135043601,"y":0.1275,"width":0.9978252767729913,"height":0.46749999999999997},"selectedRatio":"16:3","focusArea":null}},"autoplay":null,"extension":null}},"sm":{"publicUrl":"https:\/\/web-tagesklinik.med360grad.de\/fileadmin\/_processed_\/9\/d\/csm_fachklinik360-impressum_f46f7ccf70.jpg","properties":{"title":"Datenschutz","alternative":"Datenschutz","description":null,"link":null,"linkData":null,"mimeType":"image\/jpeg","type":"image","filename":"csm_fachklinik360-impressum_f46f7ccf70.jpg","originalUrl":"\/fileadmin\/media\/Fachklinik\/Relaunch\/fachklinik360-impressum.jpg","uidLocal":1111,"fileReferenceUid":10286,"size":"185 KB","dimensions":{"width":3030,"height":757},"cropDimensions":{"width":3030,"height":757},"crop":{"default":{"cropArea":{"x":0,"y":0,"width":1,"height":1},"selectedRatio":"NaN","focusArea":null},"xs":{"cropArea":{"x":0.0012543571193685385,"y":0.0375,"width":0.9964912857612629,"height":0.6225},"selectedRatio":"4:1","focusArea":null},"sm":{"cropArea":{"x":0.0012543571193685385,"y":0.0375,"width":0.9964912857612629,"height":0.6225},"selectedRatio":"4:1","focusArea":null},"md":{"cropArea":{"x":0.0012543571193685385,"y":0.04,"width":0.9964912857612629,"height":0.6225},"selectedRatio":"4:1","focusArea":null},"lg":{"cropArea":{"x":0.0005873616135043601,"y":0.1475,"width":0.9978252767729913,"height":0.46749999999999997},"selectedRatio":"16:3","focusArea":null},"xl":{"cropArea":{"x":0.0005873616135043601,"y":0.1325,"width":0.9978252767729913,"height":0.46749999999999997},"selectedRatio":"16:3","focusArea":null},"full":{"cropArea":{"x":0.0005873616135043601,"y":0.1275,"width":0.9978252767729913,"height":0.46749999999999997},"selectedRatio":"16:3","focusArea":null}},"autoplay":null,"extension":null}},"md":{"publicUrl":"https:\/\/web-tagesklinik.med360grad.de\/fileadmin\/_processed_\/9\/d\/csm_fachklinik360-impressum_ca40dce661.jpg","properties":{"title":"Datenschutz","alternative":"Datenschutz","description":null,"link":null,"linkData":null,"mimeType":"image\/jpeg","type":"image","filename":"csm_fachklinik360-impressum_ca40dce661.jpg","originalUrl":"\/fileadmin\/media\/Fachklinik\/Relaunch\/fachklinik360-impressum.jpg","uidLocal":1111,"fileReferenceUid":10286,"size":"188 KB","dimensions":{"width":3030,"height":757},"cropDimensions":{"width":3030,"height":757},"crop":{"default":{"cropArea":{"x":0,"y":0,"width":1,"height":1},"selectedRatio":"NaN","focusArea":null},"xs":{"cropArea":{"x":0.0012543571193685385,"y":0.0375,"width":0.9964912857612629,"height":0.6225},"selectedRatio":"4:1","focusArea":null},"sm":{"cropArea":{"x":0.0012543571193685385,"y":0.0375,"width":0.9964912857612629,"height":0.6225},"selectedRatio":"4:1","focusArea":null},"md":{"cropArea":{"x":0.0012543571193685385,"y":0.04,"width":0.9964912857612629,"height":0.6225},"selectedRatio":"4:1","focusArea":null},"lg":{"cropArea":{"x":0.0005873616135043601,"y":0.1475,"width":0.9978252767729913,"height":0.46749999999999997},"selectedRatio":"16:3","focusArea":null},"xl":{"cropArea":{"x":0.0005873616135043601,"y":0.1325,"width":0.9978252767729913,"height":0.46749999999999997},"selectedRatio":"16:3","focusArea":null},"full":{"cropArea":{"x":0.0005873616135043601,"y":0.1275,"width":0.9978252767729913,"height":0.46749999999999997},"selectedRatio":"16:3","focusArea":null}},"autoplay":null,"extension":null}},"lg":{"publicUrl":"https:\/\/web-tagesklinik.med360grad.de\/fileadmin\/_processed_\/9\/d\/csm_fachklinik360-impressum_20a3891fee.jpg","properties":{"title":"Datenschutz","alternative":"Datenschutz","description":null,"link":null,"linkData":null,"mimeType":"image\/jpeg","type":"image","filename":"csm_fachklinik360-impressum_20a3891fee.jpg","originalUrl":"\/fileadmin\/media\/Fachklinik\/Relaunch\/fachklinik360-impressum.jpg","uidLocal":1111,"fileReferenceUid":10286,"size":"151 KB","dimensions":{"width":3034,"height":568},"cropDimensions":{"width":3034,"height":568},"crop":{"default":{"cropArea":{"x":0,"y":0,"width":1,"height":1},"selectedRatio":"NaN","focusArea":null},"xs":{"cropArea":{"x":0.0012543571193685385,"y":0.0375,"width":0.9964912857612629,"height":0.6225},"selectedRatio":"4:1","focusArea":null},"sm":{"cropArea":{"x":0.0012543571193685385,"y":0.0375,"width":0.9964912857612629,"height":0.6225},"selectedRatio":"4:1","focusArea":null},"md":{"cropArea":{"x":0.0012543571193685385,"y":0.04,"width":0.9964912857612629,"height":0.6225},"selectedRatio":"4:1","focusArea":null},"lg":{"cropArea":{"x":0.0005873616135043601,"y":0.1475,"width":0.9978252767729913,"height":0.46749999999999997},"selectedRatio":"16:3","focusArea":null},"xl":{"cropArea":{"x":0.0005873616135043601,"y":0.1325,"width":0.9978252767729913,"height":0.46749999999999997},"selectedRatio":"16:3","focusArea":null},"full":{"cropArea":{"x":0.0005873616135043601,"y":0.1275,"width":0.9978252767729913,"height":0.46749999999999997},"selectedRatio":"16:3","focusArea":null}},"autoplay":null,"extension":null}},"xl":{"publicUrl":"https:\/\/web-tagesklinik.med360grad.de\/fileadmin\/_processed_\/9\/d\/csm_fachklinik360-impressum_a9e440777e.jpg","properties":{"title":"Datenschutz","alternative":"Datenschutz","description":null,"link":null,"linkData":null,"mimeType":"image\/jpeg","type":"image","filename":"csm_fachklinik360-impressum_a9e440777e.jpg","originalUrl":"\/fileadmin\/media\/Fachklinik\/Relaunch\/fachklinik360-impressum.jpg","uidLocal":1111,"fileReferenceUid":10286,"size":"151 KB","dimensions":{"width":3034,"height":568},"cropDimensions":{"width":3034,"height":568},"crop":{"default":{"cropArea":{"x":0,"y":0,"width":1,"height":1},"selectedRatio":"NaN","focusArea":null},"xs":{"cropArea":{"x":0.0012543571193685385,"y":0.0375,"width":0.9964912857612629,"height":0.6225},"selectedRatio":"4:1","focusArea":null},"sm":{"cropArea":{"x":0.0012543571193685385,"y":0.0375,"width":0.9964912857612629,"height":0.6225},"selectedRatio":"4:1","focusArea":null},"md":{"cropArea":{"x":0.0012543571193685385,"y":0.04,"width":0.9964912857612629,"height":0.6225},"selectedRatio":"4:1","focusArea":null},"lg":{"cropArea":{"x":0.0005873616135043601,"y":0.1475,"width":0.9978252767729913,"height":0.46749999999999997},"selectedRatio":"16:3","focusArea":null},"xl":{"cropArea":{"x":0.0005873616135043601,"y":0.1325,"width":0.9978252767729913,"height":0.46749999999999997},"selectedRatio":"16:3","focusArea":null},"full":{"cropArea":{"x":0.0005873616135043601,"y":0.1275,"width":0.9978252767729913,"height":0.46749999999999997},"selectedRatio":"16:3","focusArea":null}},"autoplay":null,"extension":null}},"full":{"publicUrl":"https:\/\/web-tagesklinik.med360grad.de\/fileadmin\/_processed_\/9\/d\/csm_fachklinik360-impressum_6170f22c1c.jpg","properties":{"title":"Datenschutz","alternative":"Datenschutz","description":null,"link":null,"linkData":null,"mimeType":"image\/jpeg","type":"image","filename":"csm_fachklinik360-impressum_6170f22c1c.jpg","originalUrl":"\/fileadmin\/media\/Fachklinik\/Relaunch\/fachklinik360-impressum.jpg","uidLocal":1111,"fileReferenceUid":10286,"size":"150 KB","dimensions":{"width":3034,"height":568},"cropDimensions":{"width":3034,"height":568},"crop":{"default":{"cropArea":{"x":0,"y":0,"width":1,"height":1},"selectedRatio":"NaN","focusArea":null},"xs":{"cropArea":{"x":0.0012543571193685385,"y":0.0375,"width":0.9964912857612629,"height":0.6225},"selectedRatio":"4:1","focusArea":null},"sm":{"cropArea":{"x":0.0012543571193685385,"y":0.0375,"width":0.9964912857612629,"height":0.6225},"selectedRatio":"4:1","focusArea":null},"md":{"cropArea":{"x":0.0012543571193685385,"y":0.04,"width":0.9964912857612629,"height":0.6225},"selectedRatio":"4:1","focusArea":null},"lg":{"cropArea":{"x":0.0005873616135043601,"y":0.1475,"width":0.9978252767729913,"height":0.46749999999999997},"selectedRatio":"16:3","focusArea":null},"xl":{"cropArea":{"x":0.0005873616135043601,"y":0.1325,"width":0.9978252767729913,"height":0.46749999999999997},"selectedRatio":"16:3","focusArea":null},"full":{"cropArea":{"x":0.0005873616135043601,"y":0.1275,"width":0.9978252767729913,"height":0.46749999999999997},"selectedRatio":"16:3","focusArea":null}},"autoplay":null,"extension":null}}}}],"jumpmenu":{"title":"","pages":[]},"footer":{"sitemap":""}}